{"id":25,"date":"2025-01-26T12:23:52","date_gmt":"2025-01-26T11:23:52","guid":{"rendered":"https:\/\/www.demenz-myk.de\/index.php\/home\/"},"modified":"2026-04-28T10:06:22","modified_gmt":"2026-04-28T08:06:22","slug":"home","status":"publish","type":"page","link":"https:\/\/www.demenz-myk.de\/","title":{"rendered":"Home"},"content":{"rendered":"<section class=\"bde-section-25-245 bde-section\">\n  \n  \n\t\n\n\n\n<div class=\"section-container\"><img decoding=\"async\" class=\"bde-image2-25-246 bde-image2\" src=\"https:\/\/www.demenz-myk.de\/wp-content\/uploads\/2025\/02\/Header-Netzwerk-Demenz_gr-scaled.jpg\" loading=\"lazy\" srcset=\"https:\/\/www.demenz-myk.de\/wp-content\/uploads\/2025\/02\/Header-Netzwerk-Demenz_gr-scaled.jpg 2560w, https:\/\/www.demenz-myk.de\/wp-content\/uploads\/2025\/02\/Header-Netzwerk-Demenz_gr-300x53.jpg 300w, https:\/\/www.demenz-myk.de\/wp-content\/uploads\/2025\/02\/Header-Netzwerk-Demenz_gr-1024x181.jpg 1024w, https:\/\/www.demenz-myk.de\/wp-content\/uploads\/2025\/02\/Header-Netzwerk-Demenz_gr-768x136.jpg 768w, https:\/\/www.demenz-myk.de\/wp-content\/uploads\/2025\/02\/Header-Netzwerk-Demenz_gr-1536x271.jpg 1536w, https:\/\/www.demenz-myk.de\/wp-content\/uploads\/2025\/02\/Header-Netzwerk-Demenz_gr-2048x362.jpg 2048w\" sizes=\"(max-width: 2560px) 100vw, 2560px\"><\/div>\n<\/section><section class=\"bde-section-25-112 bde-section\">\n  \n  \n\t\n\n\n\n<div class=\"section-container\"><div class=\"bde-columns-25-122 bde-columns\"><div class=\"bde-column-25-123 bde-column\">\n  \n  \n\t\n\n\n\n<h2 class=\"bde-heading-25-126 bde-heading\">\nWer sind wir\n<\/h2><div class=\"bde-text-25-128 bde-text\">\nDas Netzwerk Demenz Mayen-Koblenz ist ein Zusammenschluss von Akteuren aus dem Sozial- und Gesundheitswesen im Landkreis Mayen-Koblenz. Kooperationspartner sind u.a. ambulante, teil- und vollstation\u00e4re Einrichtungen der Alten- und Behindertenhilfe, Pflegest\u00fctzpunkte, Betreuungsvereine, Hospizvereine, die Kreisverwaltung, Selbsthilfeverb\u00e4nde, der Kreisseniorenbeirat, Krankenh\u00e4user, Kirchengemeinden, Ehrenamtliche, \u00c4rzte und Therapeuten im Landkreis Mayen-Koblenz. Mitarbeiten k\u00f6nnen alle, die sich f\u00fcr die Ziele des Netzwerks Demenz Mayen-Koblenz einsetzen.<br>Das Netzwerk steht dar\u00fcber hinaus allen Menschen mit Demenz und ihren Angeh\u00f6rigen sowie allen Interessierten in der Region offen.<br>Seit September 2016 beteiligt sich das Netzwerk Demenz Mayen-Koblenz am Bundesprogramm \"Lokale Allianz f\u00fcr Menschen mit Demenz\"<br>\n<\/div><div class=\"bde-button-25-129 bde-button\">\n    \n                                    \n    \n    \n    \n    \n            \n                    \n            \n            \n\n    \n    \n    \n    \n    \n    <a class=\"breakdance-link button-atom button-atom--primary bde-button__button\" href=\"#bottom\" target=\"_self\" data-type=\"url\"  >\n\n    \n        <span class=\"button-atom__text\">Mehr Erfahren<\/span>\n\n        \n        \n                <\/a>\n\n    \n\n\n<\/div>\n<\/div><div class=\"bde-column-25-124 bde-column\">\n  \n  \n\t\n\n\n\n<div class=\"bde-icon-box-25-130 bde-icon-box\">\n\n    \n            <div class=\"ee-iconbox-icon breakdance-icon-atom\" >\n    \n                    <svg xmlns=\"http:\/\/www.w3.org\/2000\/svg\" id=\"icon-hour-glass\" viewBox=\"0 0 32 32\">\n<path d=\"M22.781 16c4.305-2.729 7.219-7.975 7.219-14 0-0.677-0.037-1.345-0.109-2h-27.783c-0.072 0.655-0.109 1.323-0.109 2 0 6.025 2.914 11.271 7.219 14-4.305 2.729-7.219 7.975-7.219 14 0 0.677 0.037 1.345 0.109 2h27.783c0.072-0.655 0.109-1.323 0.109-2 0-6.025-2.914-11.271-7.219-14zM5 30c0-5.841 2.505-10.794 7-12.428v-3.143c-4.495-1.634-7-6.587-7-12.428v0h22c0 5.841-2.505 10.794-7 12.428v3.143c4.495 1.634 7 6.587 7 12.428h-22zM19.363 20.925c-2.239-1.27-2.363-2.918-2.363-3.918v-2.007c0-1 0.119-2.654 2.367-3.927 1.203-0.699 2.244-1.761 3.033-3.073h-12.799c0.79 1.313 1.832 2.376 3.036 3.075 2.239 1.27 2.363 2.918 2.363 3.918v2.007c0 1-0.119 2.654-2.367 3.927-2.269 1.318-3.961 3.928-4.472 7.073h15.677c-0.511-3.147-2.204-5.758-4.475-7.075z\"\/>\n<\/svg>\n        \n        \n        \n            <\/div>\n    \n\n<div class=\"ee-iconbox-content\">\n      <h4 class=\"ee-iconbox-title bde-h3\" >\u00dcber 18 Jahre Erfahrung<\/h4>\n        <div class=\"ee-iconbox-text\" >Im Oktober 2007 wurde das Netzwerk Demenz Mayen-Koblenz gegr\u00fcndet.<\/div>\n    <\/div>\n\n<\/div><div class=\"bde-icon-box-25-131 bde-icon-box\">\n\n    \n            <div class=\"ee-iconbox-icon breakdance-icon-atom\" >\n    \n                    <svg xmlns=\"http:\/\/www.w3.org\/2000\/svg\" id=\"icon-bubbles2\" viewBox=\"0 0 36 32\">\n<path d=\"M15 0v0c8.284 0 15 5.435 15 12.139s-6.716 12.139-15 12.139c-0.796 0-1.576-0.051-2.339-0.147-3.222 3.209-6.943 3.785-10.661 3.869v-0.785c2.008-0.98 3.625-2.765 3.625-4.804 0-0.285-0.022-0.564-0.063-0.837-3.392-2.225-5.562-5.625-5.562-9.434 0-6.704 6.716-12.139 15-12.139zM31.125 27.209c0 1.748 1.135 3.278 2.875 4.118v0.673c-3.223-0.072-6.181-0.566-8.973-3.316-0.661 0.083-1.337 0.126-2.027 0.126-2.983 0-5.732-0.805-7.925-2.157 4.521-0.016 8.789-1.464 12.026-4.084 1.631-1.32 2.919-2.87 3.825-4.605 0.961-1.84 1.449-3.799 1.449-5.825 0-0.326-0.014-0.651-0.039-0.974 2.268 1.873 3.664 4.426 3.664 7.24 0 3.265-1.88 6.179-4.82 8.086-0.036 0.234-0.055 0.474-0.055 0.718z\"\/>\n<\/svg>\n        \n        \n        \n            <\/div>\n    \n\n<div class=\"ee-iconbox-content\">\n      <h4 class=\"ee-iconbox-title bde-h3\" >Zahlreiche Veranstaltungen pro Jahr<\/h4>\n        <div class=\"ee-iconbox-text\" >Informationsveranstaltungen, Schulungen und \u00d6ffentlichkeitsarbeit zur Unterst\u00fctzung von Menschen mit Demenz und ihren Angeh\u00f6rigen.<\/div>\n    <\/div>\n\n<\/div>\n<\/div><div class=\"bde-column-25-125 bde-column\">\n  \n  \n\t\n\n\n\n<div class=\"bde-icon-box-25-132 bde-icon-box\">\n\n    \n            <div class=\"ee-iconbox-icon breakdance-icon-atom\" >\n    \n                    <svg xmlns=\"http:\/\/www.w3.org\/2000\/svg\" id=\"icon-user-tie\" viewBox=\"0 0 32 32\">\n<path d=\"M10 6c0-3.314 2.686-6 6-6s6 2.686 6 6c0 3.314-2.686 6-6 6s-6-2.686-6-6zM24.002 14h-1.107l-6.222 12.633 2.327-11.633-3-3-3 3 2.327 11.633-6.222-12.633h-1.107c-3.998 0-3.998 2.687-3.998 6v10h24v-10c0-3.313 0-6-3.998-6z\"\/>\n<\/svg>\n        \n        \n        \n            <\/div>\n    \n\n<div class=\"ee-iconbox-content\">\n      <h4 class=\"ee-iconbox-title bde-h3\" >50+ Partnerorganisationen<\/h4>\n        <div class=\"ee-iconbox-text\" >Vielf\u00e4ltige Kooperationspartner aus dem Sozial- und Gesundheitswesen, darunter Einrichtungen der Alten- und Behindertenhilfe, Beratungsstellen, Hospizvereine und Krankenh\u00e4user.<\/div>\n    <\/div>\n\n<\/div><div class=\"bde-icon-box-25-133 bde-icon-box\">\n\n    \n            <div class=\"ee-iconbox-icon breakdance-icon-atom\" >\n    \n                    <svg xmlns=\"http:\/\/www.w3.org\/2000\/svg\" viewBox=\"0 0 512 512\"><!-- Font Awesome Free 5.15.1 by @fontawesome - https:\/\/fontawesome.com License - https:\/\/fontawesome.com\/license\/free (Icons: CC BY 4.0, Fonts: SIL OFL 1.1, Code: MIT License) --><path d=\"M504 256c0 136.967-111.033 248-248 248S8 392.967 8 256 119.033 8 256 8s248 111.033 248 248zM227.314 387.314l184-184c6.248-6.248 6.248-16.379 0-22.627l-22.627-22.627c-6.248-6.249-16.379-6.249-22.628 0L216 308.118l-70.059-70.059c-6.248-6.248-16.379-6.248-22.628 0l-22.627 22.627c-6.248 6.248-6.248 16.379 0 22.627l104 104c6.249 6.249 16.379 6.249 22.628.001z\"\/><\/svg>\n        \n        \n        \n            <\/div>\n    \n\n<div class=\"ee-iconbox-content\">\n      <h4 class=\"ee-iconbox-title bde-h3\" >1.000+ Menschen erreicht<\/h4>\n        <div class=\"ee-iconbox-text\" >J\u00e4hrlich profitieren zahlreiche Betroffene und Angeh\u00f6rige von den Angeboten des Netzwerks, von Beratung bis zu niedrigschwelligen Unterst\u00fctzungsleistungen.<\/div>\n    <\/div>\n\n<\/div>\n<\/div><\/div><\/div>\n<\/section><section class=\"bde-section-25-134 bde-section\">\n              \n  \n  \n\t\n\n\n\n<div class=\"section-container\"><div class=\"bde-columns-25-135 bde-columns\"><div class=\"bde-column-25-136 bde-column\">\n  \n  \n\t\n\n\n\n<img decoding=\"async\" class=\"bde-image2-25-226 bde-image2\" src=\"https:\/\/www.demenz-myk.de\/wp-content\/uploads\/2025\/08\/2025-08-28_Sitzung_Netzwerk_Demenz_MYK.jpg\" loading=\"lazy\" srcset=\"https:\/\/www.demenz-myk.de\/wp-content\/uploads\/2025\/08\/2025-08-28_Sitzung_Netzwerk_Demenz_MYK.jpg 2301w, https:\/\/www.demenz-myk.de\/wp-content\/uploads\/2025\/08\/2025-08-28_Sitzung_Netzwerk_Demenz_MYK-300x205.jpg 300w, https:\/\/www.demenz-myk.de\/wp-content\/uploads\/2025\/08\/2025-08-28_Sitzung_Netzwerk_Demenz_MYK-1024x701.jpg 1024w, https:\/\/www.demenz-myk.de\/wp-content\/uploads\/2025\/08\/2025-08-28_Sitzung_Netzwerk_Demenz_MYK-768x526.jpg 768w, https:\/\/www.demenz-myk.de\/wp-content\/uploads\/2025\/08\/2025-08-28_Sitzung_Netzwerk_Demenz_MYK-1536x1052.jpg 1536w, https:\/\/www.demenz-myk.de\/wp-content\/uploads\/2025\/08\/2025-08-28_Sitzung_Netzwerk_Demenz_MYK-2048x1403.jpg 2048w\" sizes=\"(max-width: 2301px) 100vw, 2301px\">\n<\/div><div class=\"bde-column-25-137 bde-column\">\n  \n  \n\t\n\n\n\n<h2 class=\"bde-dual-heading-25-139 bde-dual-heading\">\n\n\n            <span data-style=\"primary\" class=\"dual-heading--primary  \">Leitbild<\/span>\n\n\n\n<\/h2><div class=\"bde-text-25-141 bde-text\">\nWir setzen uns daf\u00fcr ein, dass Menschen mit Demenz als vollwertige Personen anerkannt werden, mit Recht auf Selbstbestimmung und Individualit\u00e4t; als ernstzunehmende Pers\u00f6nlichkeiten mit<br><br>W\u00fcrde, Eigensinn und eigenem Charakter; als verletzliche und schutzbed\u00fcrftige Menschen, die abh\u00e4ngig von der Solidarit\u00e4t anderer Menschen sind; als Personen mit vielen verbliebenen F\u00e4higkeiten, aber auch dem Verlust wichtiger Alltagskompetenzen. Menschen mit Demenz unterscheiden sich in ihren Bed\u00fcrfnissen nicht von Menschen ohne De-menz. Auch sie sehnen sich nach Bindung, Trost, sinnvoller Besch\u00e4ftigung, Einbeziehung, Identit\u00e4t und Liebe.\n<\/div><div class=\"bde-button-25-160 bde-button\">\n    \n                                    \n    \n    \n    \n    \n            \n                    \n            \n            \n\n    \n    \n    \n    \n    \n    <a class=\"breakdance-link button-atom button-atom--custom bde-button__button\" href=\"#bottom\" target=\"_self\" data-type=\"url\"  >\n\n    \n        <span class=\"button-atom__text\">Mehr Erfahren<\/span>\n\n        \n        \n                <\/a>\n\n    \n\n\n<\/div>\n<\/div><\/div><\/div>\n<\/section><section class=\"bde-section-25-162 bde-section\">\n  \n  \n\t\n\n\n\n<div class=\"section-container\"><div class=\"bde-columns-25-163 bde-columns\"><div class=\"bde-column-25-166 bde-column\">\n  \n  \n\t\n\n\n\n<h2 class=\"bde-dual-heading-25-167 bde-dual-heading\">\n\n\n            <span data-style=\"secondary\" class=\"dual-heading--secondary  \"> Ziele und Aufgaben des Netzwerkes<\/span>\n\n\n\n<\/h2><div class=\"bde-rich-text-25-228 bde-rich-text breakdance-rich-text-styles\">\n<p>Das Ziel des Netzwerks ist eine strukturierte Zusammenarbeit unter den Mitgliedern, der Ausbau und die Verstetigung des Netzwerks. Menschen mit Demenz, ihre Angeh\u00f6rigen und nahestehende Pflegepersonen sollen wohnortnah und unb\u00fcrokratisch Unterst\u00fctzung durch Rat und Hilfe erhalten. Dies wird durch folgende Ma\u00dfnahmen erreicht:<\/p>\n<ul>\n<li>\n<p><strong> <a> Kommunikation und Austausch <\/strong><\/a><br \/>Austausch \u00fcber Entwicklungen in Gesellschaft, Gesetzgebung, Medizin, Pflege sowie Fortbildungsm\u00f6glichkeiten und die F\u00f6rderung der Zusammenarbeit im Sozial- und Gesundheitswesen. Ausbau der Kooperation mit nicht am Netzwerk beteiligten Akteuren.<\/p>\n<\/li>\n<li>\n<p><strong> <a> Aufbau und Sicherung einer Versorgungsstruktur<\/a><\/strong><br \/>Transparente Darstellung der regionalen Versorgung, Identifikation von Defiziten und Entwicklung von L\u00f6sungen.<\/p>\n<\/li>\n<li>\n<p><strong><a> Information und Beratung<\/a><\/strong><br \/>Unterst\u00fctzung f\u00fcr Menschen mit Demenz und ihre Angeh\u00f6rigen.<\/p>\n<\/li>\n<li>\n<p><strong><a> \u00d6ffentlichkeitsarbeit<\/a><\/strong><br \/>Erstellung von Informationsmaterial, Durchf\u00fchrung von Veranstaltungen und Sicherstellung eines einfachen Zugangs.<\/p>\n<\/li>\n<li>\n<p><strong><a>Teilhabe sichern<\/strong><\/a><br \/>Sensibilisierung der \u00d6ffentlichkeit f\u00fcr Demenz zur F\u00f6rderung der gleichberechtigten Teilhabe.<\/p>\n<\/li>\n<\/ul>\n<\/div><div class=\"bde-button-25-183 bde-button\">\n    \n                                    \n    \n    \n    \n    \n            \n                    \n            \n            \n\n    \n    \n    \n    \n    \n    <a class=\"breakdance-link button-atom button-atom--custom bde-button__button\" href=\"#bottom\" target=\"_self\" data-type=\"url\"  >\n\n    \n        <span class=\"button-atom__text\">Mehr Erfahren<\/span>\n\n        \n        \n                <\/a>\n\n    \n\n\n<\/div>\n<\/div><div class=\"bde-column-25-164 bde-column\">\n  \n  \n\t\n\n\n\n<img decoding=\"async\" class=\"bde-image2-25-227 bde-image2\" src=\"https:\/\/www.demenz-myk.de\/wp-content\/uploads\/2025\/05\/2025-05-22_Koordinationsteam-scaled.jpg\" loading=\"lazy\" srcset=\"https:\/\/www.demenz-myk.de\/wp-content\/uploads\/2025\/05\/2025-05-22_Koordinationsteam-scaled.jpg 2560w, https:\/\/www.demenz-myk.de\/wp-content\/uploads\/2025\/05\/2025-05-22_Koordinationsteam-300x225.jpg 300w, https:\/\/www.demenz-myk.de\/wp-content\/uploads\/2025\/05\/2025-05-22_Koordinationsteam-1024x768.jpg 1024w, https:\/\/www.demenz-myk.de\/wp-content\/uploads\/2025\/05\/2025-05-22_Koordinationsteam-768x576.jpg 768w, https:\/\/www.demenz-myk.de\/wp-content\/uploads\/2025\/05\/2025-05-22_Koordinationsteam-1536x1152.jpg 1536w, https:\/\/www.demenz-myk.de\/wp-content\/uploads\/2025\/05\/2025-05-22_Koordinationsteam-2048x1536.jpg 2048w\" sizes=\"(max-width: 2560px) 100vw, 2560px\"><img decoding=\"async\" class=\"bde-image2-25-230 bde-image2\" src=\"https:\/\/www.demenz-myk.de\/wp-content\/uploads\/2025\/01\/Logo_Lokale_Allianzen.jpg\" loading=\"lazy\" srcset=\"https:\/\/www.demenz-myk.de\/wp-content\/uploads\/2025\/01\/Logo_Lokale_Allianzen.jpg 650w, https:\/\/www.demenz-myk.de\/wp-content\/uploads\/2025\/01\/Logo_Lokale_Allianzen-300x49.jpg 300w\" sizes=\"(max-width: 650px) 100vw, 650px\">\n<\/div><\/div><\/div>\n<\/section><section class=\"bde-section-25-207 bde-section\">\n  \n  \n\t\n\n\n\n<div class=\"section-container\"><div class=\"bde-div-25-213 bde-div\">\n  \n  \n\t\n\n\n\n<div class=\"bde-icon-25-208 bde-icon\">\n\n    \n            <div class=\"bde-icon-icon breakdance-icon-atom\" >\n    \n                    <svg xmlns=\"http:\/\/www.w3.org\/2000\/svg\" viewBox=\"0 0 448 512\"><!-- Font Awesome Free 5.15.1 by @fontawesome - https:\/\/fontawesome.com License - https:\/\/fontawesome.com\/license\/free (Icons: CC BY 4.0, Fonts: SIL OFL 1.1, Code: MIT License) --><path d=\"M400 480H48c-26.5 0-48-21.5-48-48V80c0-26.5 21.5-48 48-48h352c26.5 0 48 21.5 48 48v352c0 26.5-21.5 48-48 48zM238.1 177.9L102.4 313.6l-6.3 57.1c-.8 7.6 5.6 14.1 13.3 13.3l57.1-6.3L302.2 242c2.3-2.3 2.3-6.1 0-8.5L246.7 178c-2.5-2.4-6.3-2.4-8.6-.1zM345 165.1L314.9 135c-9.4-9.4-24.6-9.4-33.9 0l-23.1 23.1c-2.3 2.3-2.3 6.1 0 8.5l55.5 55.5c2.3 2.3 6.1 2.3 8.5 0L345 199c9.3-9.3 9.3-24.5 0-33.9z\"\/><\/svg>\n        \n        \n        \n            <\/div>\n    \n\n\n<\/div><div class=\"bde-div-25-209 bde-div\">\n  \n  \n\t\n\n\n\n<h3 class=\"bde-heading-25-210 bde-heading\">\nHaben wir Ihr Interesse geweckt? \n<\/h3><div class=\"bde-text-25-211 bde-text\">\nZ\u00f6gern Sie nicht, uns zu kontaktieren \u2013 wir freuen uns auf Ihre Fragen und Anregungen!\n<\/div>\n<\/div>\n<\/div><div class=\"bde-button-25-212 bde-button\">\n    \n                                    \n    \n    \n    \n    \n            \n                    \n            \n            \n\n    \n    \n    \n    \n    \n    <a class=\"breakdance-link button-atom button-atom--primary bde-button__button\" href=\"\/index.php\/contact-us\/\" target=\"_self\" data-type=\"url\"  >\n\n    \n        <span class=\"button-atom__text\">Jetzt Kontaktieren<\/span>\n\n        \n        \n                <\/a>\n\n    \n\n\n<\/div><\/div>\n<\/section><section id=\"bottom\" class=\"bde-section-25-214 bde-section\">\n  \n  \n\t\n\n\n\n<div class=\"section-container\"><div class=\"bde-columns-25-234 bde-columns\"><div class=\"bde-column-25-235 bde-column\">\n  \n  \n\t\n\n\n\n<div class=\"bde-columns-25-239 bde-columns\"><div class=\"bde-column-25-240 bde-column\">\n  \n  \n\t\n\n\n\n<img decoding=\"async\" class=\"bde-image2-25-238 bde-image2\" src=\"https:\/\/www.demenz-myk.de\/wp-content\/uploads\/2025\/01\/Netzwerk_Demenz2.jpg\" loading=\"lazy\" srcset=\"https:\/\/www.demenz-myk.de\/wp-content\/uploads\/2025\/01\/Netzwerk_Demenz2.jpg 283w, https:\/\/www.demenz-myk.de\/wp-content\/uploads\/2025\/01\/Netzwerk_Demenz2-200x300.jpg 200w\" sizes=\"(max-width: 283px) 100vw, 283px\">\n<\/div><div class=\"bde-column-25-241 bde-column\">\n  \n  \n\t\n\n\n\n<img decoding=\"async\" class=\"bde-image2-25-242 bde-image2\" src=\"https:\/\/www.demenz-myk.de\/wp-content\/uploads\/2025\/01\/Netzwerk_Demenz3.jpg\" loading=\"lazy\" srcset=\"https:\/\/www.demenz-myk.de\/wp-content\/uploads\/2025\/01\/Netzwerk_Demenz3.jpg 283w, https:\/\/www.demenz-myk.de\/wp-content\/uploads\/2025\/01\/Netzwerk_Demenz3-200x300.jpg 200w\" sizes=\"(max-width: 283px) 100vw, 283px\">\n<\/div><\/div>\n<\/div><div class=\"bde-column-25-236 bde-column\">\n  \n  \n\t\n\n\n\n<div class=\"bde-rich-text-25-232 bde-rich-text breakdance-rich-text-styles\">\n<p style=\"text-align: left;\"><strong>Weitere Informationen \u00fcber das Netzwerk Demenz Mayen-Koblenz<br \/><br \/><\/strong><\/p>\n<p><a href=\"https:\/\/www.demenz-myk.de\/wp-content\/uploads\/2025\/01\/Kooperationspartner.pdf\">Kooperationspartner des Netzwerks Demenz Mayen-Koblenz<\/a><\/p>\n<p style=\"text-align: left;\"><a href=\"\/wp-content\/uploads\/2025\/01\/Kooperationsvereinbarung_Netzwerk_Demenz_MYK.pdf\">Kooperationsvereinbarung des Netzwerks Demenz Mayen-Koblenz<\/a><\/p>\n<p style=\"text-align: left;\"><a href=\"\/wp-content\/uploads\/2025\/01\/Geschaeftsordnung_Netzwerk_Demenz_MYK.pdf\">Gesch\u00e4ftsordnung des Netzwerks Demenz Mayen-Koblenz<\/a><\/p>\n<p style=\"text-align: left;\"><a href=\"\/wp-content\/uploads\/2025\/01\/Ratgeber_Netzwerk_Demenz_2-Auflage.pdf\">Ratgeber Demenz<\/a>\u00a0<\/p>\n<p style=\"text-align: left;\"><a href=\"\/wp-content\/uploads\/2025\/01\/Leitfaden_Demenz_im_Krankenhaus.pdf\">Handlungsleitfaden \"Menschen mit Demenz im Krankenhaus\"<\/a><\/p>\n<p style=\"text-align: left;\"><a href=\"\/wp-content\/uploads\/2025\/01\/Infobogen_Krankenhaus.pdf\">Anlage zum Handlungsleitfaden: \"Patienteninformationsbogen\"<\/a><\/p>\n<p style=\"text-align: left;\"><a href=\"\/wp-content\/uploads\/2025\/01\/17-12-07-Flyer-Netzwerk-Demenz.pdf\">Faltblatt des Netzwerks Demenz Mayen-Koblenz<\/a><\/p>\n<p style=\"text-align: left;\"><a href=\"\/wp-content\/uploads\/2025\/01\/14-01-16_AGB.pdf\">Allgemeine Gesch\u00e4ftsbedingungen f\u00fcr Bildungsangebote des Netzwerks Demenz Mayen-Koblenz<\/a><\/p>\n<p><a href=\"https:\/\/www.demenz-myk.de\/wp-content\/uploads\/2025\/01\/Plakat_Chor_Dementi_Standart_PDF.pdf\">Chor \"Dementi\"<\/a><\/p>\n<p><a href=\"https:\/\/www.demenz-myk.de\/wp-content\/uploads\/2025\/01\/Demenzparcours_Merkblatt_Ausleihkonditionen.pdf\">Informationen zum Demenz-Parcours<\/a><\/p>\n<p><a href=\"https:\/\/www.demenz-myk.de\/wp-content\/uploads\/2025\/01\/Alterssimulationsanzug_Merkblatt_Ausleihkonditionen.pdf\">Informationen zum Alterssimulationsanzug<\/a><\/p>\n<\/div>\n<\/div><\/div><\/div>\n<\/section>","protected":false},"excerpt":{"rendered":"<p>Wer sind wir Das Netzwerk Demenz Mayen-Koblenz ist ein Zusammenschluss von Akteuren aus dem Sozial- und Gesundheitswesen im Landkreis Mayen-Koblenz. Kooperationspartner sind u.a. ambulante, teil- und vollstation\u00e4re Einrichtungen der Alten- und Behindertenhilfe, Pflegest\u00fctzpunkte, Betreuungsvereine, Hospizvereine, die Kreisverwaltung, Selbsthilfeverb\u00e4nde, der Kreisseniorenbeirat, Krankenh\u00e4user, Kirchengemeinden, Ehrenamtliche, \u00c4rzte und Therapeuten im Landkreis Mayen-Koblenz. Mitarbeiten k\u00f6nnen alle, die sich f\u00fcr [&hellip;]<\/p>\n","protected":false},"author":1,"featured_media":0,"parent":0,"menu_order":0,"comment_status":"closed","ping_status":"closed","template":"","meta":{"_breakdance_hide_in_design_set":false,"_breakdance_tags":"","footnotes":""},"class_list":["post-25","page","type-page","status-publish","hentry"],"_links":{"self":[{"href":"https:\/\/www.demenz-myk.de\/index.php\/wp-json\/wp\/v2\/pages\/25","targetHints":{"allow":["GET"]}}],"collection":[{"href":"https:\/\/www.demenz-myk.de\/index.php\/wp-json\/wp\/v2\/pages"}],"about":[{"href":"https:\/\/www.demenz-myk.de\/index.php\/wp-json\/wp\/v2\/types\/page"}],"author":[{"embeddable":true,"href":"https:\/\/www.demenz-myk.de\/index.php\/wp-json\/wp\/v2\/users\/1"}],"replies":[{"embeddable":true,"href":"https:\/\/www.demenz-myk.de\/index.php\/wp-json\/wp\/v2\/comments?post=25"}],"version-history":[{"count":62,"href":"https:\/\/www.demenz-myk.de\/index.php\/wp-json\/wp\/v2\/pages\/25\/revisions"}],"predecessor-version":[{"id":486,"href":"https:\/\/www.demenz-myk.de\/index.php\/wp-json\/wp\/v2\/pages\/25\/revisions\/486"}],"wp:attachment":[{"href":"https:\/\/www.demenz-myk.de\/index.php\/wp-json\/wp\/v2\/media?parent=25"}],"curies":[{"name":"wp","href":"https:\/\/api.w.org\/{rel}","templated":true}]}}